{"id":18,"date":"2019-07-02T05:11:45","date_gmt":"2019-07-02T05:11:45","guid":{"rendered":"https:\/\/villacanpeluqueriacanina.com\/index.php\/services\/"},"modified":"2023-11-11T11:28:40","modified_gmt":"2023-11-11T11:28:40","slug":"services","status":"publish","type":"page","link":"https:\/\/villacanpeluqueriacanina.com\/index.php\/services\/","title":{"rendered":"Services"},"content":{"rendered":"\t\t<div data-elementor-type=\"wp-post\" data-elementor-id=\"18\" class=\"elementor elementor-18\" data-elementor-settings=\"[]\">\n\t\t\t\t\t\t\t<div class=\"elementor-section-wrap\">\n\t\t\t\t\t\t\t<section class=\"elementor-section elementor-top-section elementor-element elementor-element-fdfd172 elementor-section-boxed elementor-section-height-default elementor-section-height-default\" data-id=\"fdfd172\" data-element_type=\"section\">\n\t\t\t\t\t\t<div class=\"elementor-container elementor-column-gap-default\">\n\t\t\t\t\t<div class=\"elementor-column elementor-col-100 elementor-top-column elementor-element elementor-element-d2a789e\" data-id=\"d2a789e\" data-element_type=\"column\">\n\t\t\t<div class=\"elementor-widget-wrap elementor-element-populated\">\n\t\t\t\t\t\t\t\t<div class=\"elementor-element elementor-element-c5ea9dd elementor-widget elementor-widget-heading\" data-id=\"c5ea9dd\" data-element_type=\"widget\" data-widget_type=\"heading.default\">\n\t\t\t\t<div class=\"elementor-widget-container\">\n\t\t\t<h2 class=\"elementor-heading-title elementor-size-default\">Servicios peluquer\u00eda<\/h2>\t\t<\/div>\n\t\t\t\t<\/div>\n\t\t\t\t<div class=\"elementor-element elementor-element-bc20a35 elementor-widget elementor-widget-heading\" data-id=\"bc20a35\" data-element_type=\"widget\" data-widget_type=\"heading.default\">\n\t\t\t\t<div class=\"elementor-widget-container\">\n\t\t\t<h2 class=\"elementor-heading-title elementor-size-default\">Cada cliente es \u00fanico y, por ello, adaptaremos el corte para encontrar el que m\u00e1s le favorezca.<\/h2>\t\t<\/div>\n\t\t\t\t<\/div>\n\t\t\t\t\t<\/div>\n\t\t<\/div>\n\t\t\t\t\t\t\t<\/div>\n\t\t<\/section>\n\t\t\t\t<section class=\"elementor-section elementor-top-section elementor-element elementor-element-e4e579e elementor-section-boxed elementor-section-height-default elementor-section-height-default\" data-id=\"e4e579e\" data-element_type=\"section\">\n\t\t\t\t\t\t<div class=\"elementor-container elementor-column-gap-default\">\n\t\t\t\t\t<div class=\"elementor-column elementor-col-33 elementor-top-column elementor-element elementor-element-44fbd2e\" data-id=\"44fbd2e\" data-element_type=\"column\">\n\t\t\t<div class=\"elementor-widget-wrap elementor-element-populated\">\n\t\t\t\t\t\t\t\t<div class=\"elementor-element elementor-element-4271268 elementor-widget elementor-widget-heading\" data-id=\"4271268\" data-element_type=\"widget\" data-widget_type=\"heading.default\">\n\t\t\t\t<div class=\"elementor-widget-container\">\n\t\t\t<h2 class=\"elementor-heading-title elementor-size-default\">Arreglo Comercial<\/h2>\t\t<\/div>\n\t\t\t\t<\/div>\n\t\t\t\t<div class=\"elementor-element elementor-element-360a5e3 elementor-widget elementor-widget-image\" data-id=\"360a5e3\" data-element_type=\"widget\" data-widget_type=\"image.default\">\n\t\t\t\t<div class=\"elementor-widget-container\">\n\t\t\t\t\t\t\t\t\t\t\t\t\t\t\t<img loading=\"lazy\" decoding=\"async\" width=\"1024\" height=\"1024\" src=\"https:\/\/villacanpeluqueriacanina.com\/wp-content\/uploads\/2021\/05\/IMG_20210113_202149-1-1024x1024.jpg\" class=\"attachment-large size-large\" alt=\"\" srcset=\"https:\/\/villacanpeluqueriacanina.com\/wp-content\/uploads\/2021\/05\/IMG_20210113_202149-1-1024x1024.jpg 1024w, https:\/\/villacanpeluqueriacanina.com\/wp-content\/uploads\/2021\/05\/IMG_20210113_202149-1-300x300.jpg 300w, https:\/\/villacanpeluqueriacanina.com\/wp-content\/uploads\/2021\/05\/IMG_20210113_202149-1-150x150.jpg 150w, https:\/\/villacanpeluqueriacanina.com\/wp-content\/uploads\/2021\/05\/IMG_20210113_202149-1-768x768.jpg 768w, https:\/\/villacanpeluqueriacanina.com\/wp-content\/uploads\/2021\/05\/IMG_20210113_202149-1-1536x1536.jpg 1536w, https:\/\/villacanpeluqueriacanina.com\/wp-content\/uploads\/2021\/05\/IMG_20210113_202149-1-2048x2048.jpg 2048w\" sizes=\"auto, (max-width: 1024px) 100vw, 1024px\" \/>\t\t\t\t\t\t\t\t\t\t\t\t\t\t\t<\/div>\n\t\t\t\t<\/div>\n\t\t\t\t<div class=\"elementor-element elementor-element-df9a559 elementor-widget elementor-widget-heading\" data-id=\"df9a559\" data-element_type=\"widget\" data-widget_type=\"heading.default\">\n\t\t\t\t<div class=\"elementor-widget-container\">\n\t\t\t<h2 class=\"elementor-heading-title elementor-size-default\">Un estilo para el d\u00eda a d\u00eda. Buscaremos lo m\u00e1s favorecedor y c\u00f3modo para cada cliente.\n\n<br><b>Incluye<\/b>: Ba\u00f1o con agua ozonizada, corte de u\u00f1as, limpieza de o\u00eddos y vaciado de gl\u00e1ndulas.<\/h2>\t\t<\/div>\n\t\t\t\t<\/div>\n\t\t\t\t\t<\/div>\n\t\t<\/div>\n\t\t\t\t<div class=\"elementor-column elementor-col-33 elementor-top-column elementor-element elementor-element-1887bd7\" data-id=\"1887bd7\" data-element_type=\"column\">\n\t\t\t<div class=\"elementor-widget-wrap elementor-element-populated\">\n\t\t\t\t\t\t\t\t<div class=\"elementor-element elementor-element-a6db32c elementor-widget elementor-widget-heading\" data-id=\"a6db32c\" data-element_type=\"widget\" data-widget_type=\"heading.default\">\n\t\t\t\t<div class=\"elementor-widget-container\">\n\t\t\t<h2 class=\"elementor-heading-title elementor-size-default\">Corte a tijera<\/h2>\t\t<\/div>\n\t\t\t\t<\/div>\n\t\t\t\t<div class=\"elementor-element elementor-element-54e66d7 elementor-widget elementor-widget-image\" data-id=\"54e66d7\" data-element_type=\"widget\" data-widget_type=\"image.default\">\n\t\t\t\t<div class=\"elementor-widget-container\">\n\t\t\t\t\t\t\t\t\t\t\t\t\t\t\t<img loading=\"lazy\" decoding=\"async\" width=\"1024\" height=\"1024\" src=\"https:\/\/villacanpeluqueriacanina.com\/wp-content\/uploads\/2021\/05\/IMG_20210513_123521-1024x1024.jpg\" class=\"attachment-large size-large\" alt=\"\" srcset=\"https:\/\/villacanpeluqueriacanina.com\/wp-content\/uploads\/2021\/05\/IMG_20210513_123521-1024x1024.jpg 1024w, https:\/\/villacanpeluqueriacanina.com\/wp-content\/uploads\/2021\/05\/IMG_20210513_123521-300x300.jpg 300w, https:\/\/villacanpeluqueriacanina.com\/wp-content\/uploads\/2021\/05\/IMG_20210513_123521-150x150.jpg 150w, https:\/\/villacanpeluqueriacanina.com\/wp-content\/uploads\/2021\/05\/IMG_20210513_123521-768x768.jpg 768w, https:\/\/villacanpeluqueriacanina.com\/wp-content\/uploads\/2021\/05\/IMG_20210513_123521-1536x1536.jpg 1536w, https:\/\/villacanpeluqueriacanina.com\/wp-content\/uploads\/2021\/05\/IMG_20210513_123521-2048x2048.jpg 2048w\" sizes=\"auto, (max-width: 1024px) 100vw, 1024px\" \/>\t\t\t\t\t\t\t\t\t\t\t\t\t\t\t<\/div>\n\t\t\t\t<\/div>\n\t\t\t\t<div class=\"elementor-element elementor-element-133bdcd elementor-widget elementor-widget-heading\" data-id=\"133bdcd\" data-element_type=\"widget\" data-widget_type=\"heading.default\">\n\t\t\t\t<div class=\"elementor-widget-container\">\n\t\t\t<h2 class=\"elementor-heading-title elementor-size-default\">El arreglo a tijera luce m\u00e1s que uno realizado \u00edntegramente a m\u00e1quina.\n\n <br><b>Incluye<\/b>: Ba\u00f1o con agua ozonizada, corte de u\u00f1as, limpieza de o\u00eddos y vaciado de gl\u00e1ndulas.<\/h2>\t\t<\/div>\n\t\t\t\t<\/div>\n\t\t\t\t\t<\/div>\n\t\t<\/div>\n\t\t\t\t<div class=\"elementor-column elementor-col-33 elementor-top-column elementor-element elementor-element-30eaa0d\" data-id=\"30eaa0d\" data-element_type=\"column\">\n\t\t\t<div class=\"elementor-widget-wrap elementor-element-populated\">\n\t\t\t\t\t\t\t\t<div class=\"elementor-element elementor-element-f99be88 elementor-widget elementor-widget-heading\" data-id=\"f99be88\" data-element_type=\"widget\" data-widget_type=\"heading.default\">\n\t\t\t\t<div class=\"elementor-widget-container\">\n\t\t\t<h2 class=\"elementor-heading-title elementor-size-default\">Corte de raza<\/h2>\t\t<\/div>\n\t\t\t\t<\/div>\n\t\t\t\t<div class=\"elementor-element elementor-element-2e82210 elementor-widget elementor-widget-image\" data-id=\"2e82210\" data-element_type=\"widget\" data-widget_type=\"image.default\">\n\t\t\t\t<div class=\"elementor-widget-container\">\n\t\t\t\t\t\t\t\t\t\t\t\t\t\t\t<img loading=\"lazy\" decoding=\"async\" width=\"1024\" height=\"1024\" src=\"https:\/\/villacanpeluqueriacanina.com\/wp-content\/uploads\/2021\/05\/IMG_20210127_125003-1024x1024.jpg\" class=\"attachment-large size-large\" alt=\"\" srcset=\"https:\/\/villacanpeluqueriacanina.com\/wp-content\/uploads\/2021\/05\/IMG_20210127_125003-1024x1024.jpg 1024w, https:\/\/villacanpeluqueriacanina.com\/wp-content\/uploads\/2021\/05\/IMG_20210127_125003-300x300.jpg 300w, https:\/\/villacanpeluqueriacanina.com\/wp-content\/uploads\/2021\/05\/IMG_20210127_125003-150x150.jpg 150w, https:\/\/villacanpeluqueriacanina.com\/wp-content\/uploads\/2021\/05\/IMG_20210127_125003-768x768.jpg 768w, https:\/\/villacanpeluqueriacanina.com\/wp-content\/uploads\/2021\/05\/IMG_20210127_125003-1536x1536.jpg 1536w, https:\/\/villacanpeluqueriacanina.com\/wp-content\/uploads\/2021\/05\/IMG_20210127_125003-2048x2048.jpg 2048w\" sizes=\"auto, (max-width: 1024px) 100vw, 1024px\" \/>\t\t\t\t\t\t\t\t\t\t\t\t\t\t\t<\/div>\n\t\t\t\t<\/div>\n\t\t\t\t<div class=\"elementor-element elementor-element-b213c5c elementor-widget elementor-widget-heading\" data-id=\"b213c5c\" data-element_type=\"widget\" data-widget_type=\"heading.default\">\n\t\t\t\t<div class=\"elementor-widget-container\">\n\t\t\t<h2 class=\"elementor-heading-title elementor-size-default\">\u00bfQuieres el standard de la raza? No hay problema.\n\n<br><b>Incluye<\/b>: Ba\u00f1o con agua ozonizada, corte de u\u00f1as, limpieza de o\u00eddos y vaciado de gl\u00e1ndulas.<\/h2>\t\t<\/div>\n\t\t\t\t<\/div>\n\t\t\t\t\t<\/div>\n\t\t<\/div>\n\t\t\t\t\t\t\t<\/div>\n\t\t<\/section>\n\t\t\t\t<section class=\"elementor-section elementor-top-section elementor-element elementor-element-0c6c0ca elementor-section-boxed elementor-section-height-default elementor-section-height-default\" data-id=\"0c6c0ca\" data-element_type=\"section\">\n\t\t\t\t\t\t<div class=\"elementor-container elementor-column-gap-default\">\n\t\t\t\t\t<div class=\"elementor-column elementor-col-33 elementor-top-column elementor-element elementor-element-4712ad7\" data-id=\"4712ad7\" data-element_type=\"column\">\n\t\t\t<div class=\"elementor-widget-wrap elementor-element-populated\">\n\t\t\t\t\t\t\t\t<div class=\"elementor-element elementor-element-5399273 elementor-widget elementor-widget-heading\" data-id=\"5399273\" data-element_type=\"widget\" data-widget_type=\"heading.default\">\n\t\t\t\t<div class=\"elementor-widget-container\">\n\t\t\t<h2 class=\"elementor-heading-title elementor-size-default\">Stripping<\/h2>\t\t<\/div>\n\t\t\t\t<\/div>\n\t\t\t\t<div class=\"elementor-element elementor-element-3a7499f elementor-widget elementor-widget-image\" data-id=\"3a7499f\" data-element_type=\"widget\" data-widget_type=\"image.default\">\n\t\t\t\t<div class=\"elementor-widget-container\">\n\t\t\t\t\t\t\t\t\t\t\t\t\t\t\t<img loading=\"lazy\" decoding=\"async\" width=\"1024\" height=\"1024\" src=\"https:\/\/villacanpeluqueriacanina.com\/wp-content\/uploads\/2021\/11\/perretes-1024x1024.jpg\" class=\"attachment-large size-large\" alt=\"\" srcset=\"https:\/\/villacanpeluqueriacanina.com\/wp-content\/uploads\/2021\/11\/perretes-1024x1024.jpg 1024w, https:\/\/villacanpeluqueriacanina.com\/wp-content\/uploads\/2021\/11\/perretes-300x300.jpg 300w, https:\/\/villacanpeluqueriacanina.com\/wp-content\/uploads\/2021\/11\/perretes-150x150.jpg 150w, https:\/\/villacanpeluqueriacanina.com\/wp-content\/uploads\/2021\/11\/perretes-768x768.jpg 768w, https:\/\/villacanpeluqueriacanina.com\/wp-content\/uploads\/2021\/11\/perretes-1536x1536.jpg 1536w, https:\/\/villacanpeluqueriacanina.com\/wp-content\/uploads\/2021\/11\/perretes.jpg 1917w\" sizes=\"auto, (max-width: 1024px) 100vw, 1024px\" \/>\t\t\t\t\t\t\t\t\t\t\t\t\t\t\t<\/div>\n\t\t\t\t<\/div>\n\t\t\t\t<div class=\"elementor-element elementor-element-9493415 elementor-widget elementor-widget-heading\" data-id=\"9493415\" data-element_type=\"widget\" data-widget_type=\"heading.default\">\n\t\t\t\t<div class=\"elementor-widget-container\">\n\t\t\t<h2 class=\"elementor-heading-title elementor-size-default\">T\u00e9cnica utilizada para perros de pelo duro, que consiste en eliminar de forma manual las capas de pelo que no caen naturalmetne.<br><br><b>Incluye<\/b>: Ba\u00f1o con agua ozonizada, corte de u\u00f1as, limpieza de o\u00eddos y vaciado de gl\u00e1ndulas.<\/h2>\t\t<\/div>\n\t\t\t\t<\/div>\n\t\t\t\t\t<\/div>\n\t\t<\/div>\n\t\t\t\t<div class=\"elementor-column elementor-col-33 elementor-top-column elementor-element elementor-element-d99ec6f\" data-id=\"d99ec6f\" data-element_type=\"column\">\n\t\t\t<div class=\"elementor-widget-wrap elementor-element-populated\">\n\t\t\t\t\t\t\t\t<div class=\"elementor-element elementor-element-0770238 elementor-widget elementor-widget-heading\" data-id=\"0770238\" data-element_type=\"widget\" data-widget_type=\"heading.default\">\n\t\t\t\t<div class=\"elementor-widget-container\">\n\t\t\t<h2 class=\"elementor-heading-title elementor-size-default\">Ba\u00f1o y arreglo<\/h2>\t\t<\/div>\n\t\t\t\t<\/div>\n\t\t\t\t<div class=\"elementor-element elementor-element-1cbfb2f elementor-widget elementor-widget-image\" data-id=\"1cbfb2f\" data-element_type=\"widget\" data-widget_type=\"image.default\">\n\t\t\t\t<div class=\"elementor-widget-container\">\n\t\t\t\t\t\t\t\t\t\t\t\t\t\t\t<img loading=\"lazy\" decoding=\"async\" width=\"748\" height=\"749\" src=\"https:\/\/villacanpeluqueriacanina.com\/wp-content\/uploads\/2021\/05\/IMG_20210108_122434_721.jpg\" class=\"attachment-large size-large\" alt=\"\" srcset=\"https:\/\/villacanpeluqueriacanina.com\/wp-content\/uploads\/2021\/05\/IMG_20210108_122434_721.jpg 748w, https:\/\/villacanpeluqueriacanina.com\/wp-content\/uploads\/2021\/05\/IMG_20210108_122434_721-300x300.jpg 300w, https:\/\/villacanpeluqueriacanina.com\/wp-content\/uploads\/2021\/05\/IMG_20210108_122434_721-150x150.jpg 150w\" sizes=\"auto, (max-width: 748px) 100vw, 748px\" \/>\t\t\t\t\t\t\t\t\t\t\t\t\t\t\t<\/div>\n\t\t\t\t<\/div>\n\t\t\t\t<div class=\"elementor-element elementor-element-1535b81 elementor-widget elementor-widget-heading\" data-id=\"1535b81\" data-element_type=\"widget\" data-widget_type=\"heading.default\">\n\t\t\t\t<div class=\"elementor-widget-container\">\n\t\t\t<h2 class=\"elementor-heading-title elementor-size-default\">No te compliques la vida ba\u00f1\u00e1ndolo en casa, entre corte y corte tr\u00e1elo a la peluquer\u00eda, durar\u00e1 m\u00e1s tiempo limpio, le repasaremos las zonas higi\u00e9nicas y nos aseguraremos del buen estado del manto.\n\n<br><b>Incluye<\/b>: Ba\u00f1o con agua ozonizada, corte de u\u00f1as, limpieza de o\u00eddos y vaciado de gl\u00e1ndulas.<\/h2>\t\t<\/div>\n\t\t\t\t<\/div>\n\t\t\t\t\t<\/div>\n\t\t<\/div>\n\t\t\t\t<div class=\"elementor-column elementor-col-33 elementor-top-column elementor-element elementor-element-d8cf1b9\" data-id=\"d8cf1b9\" data-element_type=\"column\">\n\t\t\t<div class=\"elementor-widget-wrap elementor-element-populated\">\n\t\t\t\t\t\t\t\t<div class=\"elementor-element elementor-element-1aac36d elementor-widget elementor-widget-heading\" data-id=\"1aac36d\" data-element_type=\"widget\" data-widget_type=\"heading.default\">\n\t\t\t\t<div class=\"elementor-widget-container\">\n\t\t\t<h2 class=\"elementor-heading-title elementor-size-default\">Cepillado y ba\u00f1o<\/h2>\t\t<\/div>\n\t\t\t\t<\/div>\n\t\t\t\t<div class=\"elementor-element elementor-element-333ccef elementor-widget elementor-widget-image\" data-id=\"333ccef\" data-element_type=\"widget\" data-widget_type=\"image.default\">\n\t\t\t\t<div class=\"elementor-widget-container\">\n\t\t\t\t\t\t\t\t\t\t\t\t\t\t\t<img loading=\"lazy\" decoding=\"async\" width=\"1024\" height=\"1024\" src=\"https:\/\/villacanpeluqueriacanina.com\/wp-content\/uploads\/2021\/05\/IMG_20210511_181025-1024x1024.jpg\" class=\"attachment-large size-large\" alt=\"\" srcset=\"https:\/\/villacanpeluqueriacanina.com\/wp-content\/uploads\/2021\/05\/IMG_20210511_181025-1024x1024.jpg 1024w, https:\/\/villacanpeluqueriacanina.com\/wp-content\/uploads\/2021\/05\/IMG_20210511_181025-300x300.jpg 300w, https:\/\/villacanpeluqueriacanina.com\/wp-content\/uploads\/2021\/05\/IMG_20210511_181025-150x150.jpg 150w, https:\/\/villacanpeluqueriacanina.com\/wp-content\/uploads\/2021\/05\/IMG_20210511_181025-768x768.jpg 768w, https:\/\/villacanpeluqueriacanina.com\/wp-content\/uploads\/2021\/05\/IMG_20210511_181025-1536x1536.jpg 1536w, https:\/\/villacanpeluqueriacanina.com\/wp-content\/uploads\/2021\/05\/IMG_20210511_181025-2048x2048.jpg 2048w\" sizes=\"auto, (max-width: 1024px) 100vw, 1024px\" \/>\t\t\t\t\t\t\t\t\t\t\t\t\t\t\t<\/div>\n\t\t\t\t<\/div>\n\t\t\t\t<div class=\"elementor-element elementor-element-926511c elementor-widget elementor-widget-heading\" data-id=\"926511c\" data-element_type=\"widget\" data-widget_type=\"heading.default\">\n\t\t\t\t<div class=\"elementor-widget-container\">\n\t\t\t<h2 class=\"elementor-heading-title elementor-size-default\">Un buen deslanado en los mantos de muda ayuda a mantener una piel sana y correctamente ventilada. Adem\u00e1s todo el pelo que le quitamos nosotras dejar\u00e1 de estar en vuestras casas.\n\n<br><b>Incluye<\/b>: Ba\u00f1o con agua ozonizada Corte de u\u00f1as, limpieza de o\u00eddos y vaciado de gl\u00e1ndulas.<\/h2>\t\t<\/div>\n\t\t\t\t<\/div>\n\t\t\t\t\t<\/div>\n\t\t<\/div>\n\t\t\t\t\t\t\t<\/div>\n\t\t<\/section>\n\t\t\t\t<section class=\"elementor-section elementor-top-section elementor-element elementor-element-604611c elementor-section-boxed elementor-section-height-default elementor-section-height-default\" data-id=\"604611c\" data-element_type=\"section\">\n\t\t\t\t\t\t<div class=\"elementor-container elementor-column-gap-default\">\n\t\t\t\t\t<div class=\"elementor-column elementor-col-100 elementor-top-column elementor-element elementor-element-6a889b5\" data-id=\"6a889b5\" data-element_type=\"column\">\n\t\t\t<div class=\"elementor-widget-wrap elementor-element-populated\">\n\t\t\t\t\t\t\t\t<div class=\"elementor-element elementor-element-a24b035 elementor-widget-divider--view-line elementor-widget elementor-widget-divider\" data-id=\"a24b035\" data-element_type=\"widget\" data-widget_type=\"divider.default\">\n\t\t\t\t<div class=\"elementor-widget-container\">\n\t\t\t\t\t<div class=\"elementor-divider\">\n\t\t\t<span class=\"elementor-divider-separator\">\n\t\t\t\t\t\t<\/span>\n\t\t<\/div>\n\t\t\t\t<\/div>\n\t\t\t\t<\/div>\n\t\t\t\t\t<\/div>\n\t\t<\/div>\n\t\t\t\t\t\t\t<\/div>\n\t\t<\/section>\n\t\t\t\t<section class=\"elementor-section elementor-top-section elementor-element elementor-element-a26ec1e elementor-section-boxed elementor-section-height-default elementor-section-height-default\" data-id=\"a26ec1e\" data-element_type=\"section\">\n\t\t\t\t\t\t<div class=\"elementor-container elementor-column-gap-default\">\n\t\t\t\t\t<div class=\"elementor-column elementor-col-50 elementor-top-column elementor-element elementor-element-26ffdea\" data-id=\"26ffdea\" data-element_type=\"column\">\n\t\t\t<div class=\"elementor-widget-wrap elementor-element-populated\">\n\t\t\t\t\t\t\t\t<div class=\"elementor-element elementor-element-9fc5dae elementor-widget elementor-widget-heading\" data-id=\"9fc5dae\" data-element_type=\"widget\" data-widget_type=\"heading.default\">\n\t\t\t\t<div class=\"elementor-widget-container\">\n\t\t\t<h2 class=\"elementor-heading-title elementor-size-default\">Ozonoterapia<\/h2>\t\t<\/div>\n\t\t\t\t<\/div>\n\t\t\t\t<div class=\"elementor-element elementor-element-bb6d772 elementor-widget elementor-widget-heading\" data-id=\"bb6d772\" data-element_type=\"widget\" data-widget_type=\"heading.default\">\n\t\t\t\t<div class=\"elementor-widget-container\">\n\t\t\t<h2 class=\"elementor-heading-title elementor-size-default\">Todos nuestros servicios cuentan con un ba\u00f1o de agua ozonizada sin coste adicional.\n\n\u00bfQu\u00e9 es y cu\u00e1les son sus beneficios?\n<br>- Acci\u00f3n germicida (desinfectante), elimina hongos, bacterias y virus.\n\n<br>- Gran poder antioxidante, retardador de los procesos de envejecimiento celular, oxigenador de las c\u00e9lulas.\n\n<br>- Cicatrizante de heridas.\n\n<br>- Acci\u00f3n analg\u00e9sica y antiinflamatoria.\n\n<br>- Es muy \u00fatil contra los procesos alop\u00e9cicos.\n\n<br>- Es eficaz contra la otitis.\n\n<br><b>**<\/b> Adem\u00e1s, la ozonoterapia, hace que el pelo y la piel queden m\u00e1s suaves, y esto junto a la cosm\u00e9tica  har\u00e1 que tu mascota dure limpia mucho m\u00e1s tiempo<\/h2>\t\t<\/div>\n\t\t\t\t<\/div>\n\t\t\t\t\t<\/div>\n\t\t<\/div>\n\t\t\t\t<div class=\"elementor-column elementor-col-50 elementor-top-column elementor-element elementor-element-a451dc4\" data-id=\"a451dc4\" data-element_type=\"column\">\n\t\t\t<div class=\"elementor-widget-wrap elementor-element-populated\">\n\t\t\t\t\t\t\t\t<div class=\"elementor-element elementor-element-268ca4f elementor-widget elementor-widget-image\" data-id=\"268ca4f\" data-element_type=\"widget\" data-widget_type=\"image.default\">\n\t\t\t\t<div class=\"elementor-widget-container\">\n\t\t\t\t\t\t\t\t\t\t\t\t\t\t\t<img loading=\"lazy\" decoding=\"async\" width=\"1024\" height=\"1024\" src=\"https:\/\/villacanpeluqueriacanina.com\/wp-content\/uploads\/2021\/05\/IMG_20210519_200938_034-1024x1024.jpg\" class=\"attachment-large size-large\" alt=\"\" srcset=\"https:\/\/villacanpeluqueriacanina.com\/wp-content\/uploads\/2021\/05\/IMG_20210519_200938_034-1024x1024.jpg 1024w, https:\/\/villacanpeluqueriacanina.com\/wp-content\/uploads\/2021\/05\/IMG_20210519_200938_034-300x300.jpg 300w, https:\/\/villacanpeluqueriacanina.com\/wp-content\/uploads\/2021\/05\/IMG_20210519_200938_034-150x150.jpg 150w, https:\/\/villacanpeluqueriacanina.com\/wp-content\/uploads\/2021\/05\/IMG_20210519_200938_034-768x769.jpg 768w, https:\/\/villacanpeluqueriacanina.com\/wp-content\/uploads\/2021\/05\/IMG_20210519_200938_034.jpg 1437w\" sizes=\"auto, (max-width: 1024px) 100vw, 1024px\" \/>\t\t\t\t\t\t\t\t\t\t\t\t\t\t\t<\/div>\n\t\t\t\t<\/div>\n\t\t\t\t\t<\/div>\n\t\t<\/div>\n\t\t\t\t\t\t\t<\/div>\n\t\t<\/section>\n\t\t\t\t\t\t<\/div>\n\t\t\t\t\t<\/div>\n\t\t","protected":false},"excerpt":{"rendered":"<p>Servicios peluquer\u00eda Cada cliente es \u00fanico y, por ello, adaptaremos el corte para encontrar el que m\u00e1s le favorezca. Arreglo Comercial Un estilo para el d\u00eda a d\u00eda. Buscaremos lo m\u00e1s favorecedor y c\u00f3modo para cada cliente. Incluye: Ba\u00f1o con agua ozonizada, corte de u\u00f1as, limpieza de o\u00eddos y vaciado de gl\u00e1ndulas. Corte a tijera &hellip;<\/p>\n<p class=\"read-more\"> <a class=\"\" href=\"https:\/\/villacanpeluqueriacanina.com\/index.php\/services\/\"> <span class=\"screen-reader-text\">Services<\/span> Read More &raquo;<\/a><\/p>\n","protected":false},"author":1,"featured_media":0,"parent":0,"menu_order":0,"comment_status":"closed","ping_status":"closed","template":"","meta":{"om_disable_all_campaigns":false,"_monsterinsights_skip_tracking":false,"_monsterinsights_sitenote_active":false,"_monsterinsights_sitenote_note":"","_monsterinsights_sitenote_category":0,"spay_email":"","footnotes":""},"class_list":["post-18","page","type-page","status-publish","hentry"],"uagb_featured_image_src":{"full":false,"thumbnail":false,"medium":false,"medium_large":false,"large":false,"1536x1536":false,"2048x2048":false},"uagb_author_info":{"display_name":"alegremascota@gmail.com","author_link":"https:\/\/villacanpeluqueriacanina.com\/index.php\/author\/alegremascotagmail-com\/"},"uagb_comment_info":0,"uagb_excerpt":"Servicios peluquer\u00eda Cada cliente es \u00fanico y, por ello, adaptaremos el corte para encontrar el que m\u00e1s le favorezca. Arreglo Comercial Un estilo para el d\u00eda a d\u00eda. Buscaremos lo m\u00e1s favorecedor y c\u00f3modo para cada cliente. Incluye: Ba\u00f1o con agua ozonizada, corte de u\u00f1as, limpieza de o\u00eddos y vaciado de gl\u00e1ndulas. Corte a tijera&hellip;","_links":{"self":[{"href":"https:\/\/villacanpeluqueriacanina.com\/index.php\/wp-json\/wp\/v2\/pages\/18","targetHints":{"allow":["GET"]}}],"collection":[{"href":"https:\/\/villacanpeluqueriacanina.com\/index.php\/wp-json\/wp\/v2\/pages"}],"about":[{"href":"https:\/\/villacanpeluqueriacanina.com\/index.php\/wp-json\/wp\/v2\/types\/page"}],"author":[{"embeddable":true,"href":"https:\/\/villacanpeluqueriacanina.com\/index.php\/wp-json\/wp\/v2\/users\/1"}],"replies":[{"embeddable":true,"href":"https:\/\/villacanpeluqueriacanina.com\/index.php\/wp-json\/wp\/v2\/comments?post=18"}],"version-history":[{"count":57,"href":"https:\/\/villacanpeluqueriacanina.com\/index.php\/wp-json\/wp\/v2\/pages\/18\/revisions"}],"predecessor-version":[{"id":1880,"href":"https:\/\/villacanpeluqueriacanina.com\/index.php\/wp-json\/wp\/v2\/pages\/18\/revisions\/1880"}],"wp:attachment":[{"href":"https:\/\/villacanpeluqueriacanina.com\/index.php\/wp-json\/wp\/v2\/media?parent=18"}],"curies":[{"name":"wp","href":"https:\/\/api.w.org\/{rel}","templated":true}]}}